{"id":409,"date":"2020-12-21T00:24:12","date_gmt":"2020-12-21T00:24:12","guid":{"rendered":"https:\/\/hermanasdesantacruz.org\/?page_id=409"},"modified":"2020-12-21T00:31:49","modified_gmt":"2020-12-21T00:31:49","slug":"testimonio-francesca-biondi-csc","status":"publish","type":"page","link":"https:\/\/hermanasdesantacruz.org\/index.php\/testimonio-francesca-biondi-csc\/","title":{"rendered":"Testimonio Francesca Biondi CSC"},"content":{"rendered":"\t\t<div data-elementor-type=\"wp-page\" data-elementor-id=\"409\" class=\"elementor elementor-409\">\n\t\t\t\t\t\t<section class=\"elementor-section elementor-top-section elementor-element elementor-element-955b253 elementor-section-boxed elementor-section-height-default elementor-section-height-default\" data-id=\"955b253\" data-element_type=\"section\">\n\t\t\t\t\t\t<div class=\"elementor-container elementor-column-gap-default\">\n\t\t\t\t\t<div class=\"elementor-column elementor-col-25 elementor-top-column elementor-element elementor-element-ca91b24\" data-id=\"ca91b24\" data-element_type=\"column\">\n\t\t\t<div class=\"elementor-widget-wrap elementor-element-populated\">\n\t\t\t\t\t\t<div class=\"elementor-element elementor-element-e451c7d elementor-widget elementor-widget-image\" data-id=\"e451c7d\" data-element_type=\"widget\" data-widget_type=\"image.default\">\n\t\t\t\t<div class=\"elementor-widget-container\">\n\t\t\t\t\t\t\t\t\t\t\t\t\t<img decoding=\"async\" src=\"https:\/\/hermanasdesantacruz.org\/wp-content\/uploads\/2020\/12\/FrancescaBiondi.jpg\" title=\"FrancescaBiondi\" alt=\"FrancescaBiondi\" loading=\"lazy\" \/>\t\t\t\t\t\t\t\t\t\t\t\t\t<\/div>\n\t\t\t\t<\/div>\n\t\t\t\t\t<\/div>\n\t\t<\/div>\n\t\t\t\t<div class=\"elementor-column elementor-col-50 elementor-top-column elementor-element elementor-element-7c53055\" data-id=\"7c53055\" data-element_type=\"column\">\n\t\t\t<div class=\"elementor-widget-wrap elementor-element-populated\">\n\t\t\t\t\t\t<div class=\"elementor-element elementor-element-18fca508 elementor-widget elementor-widget-text-editor\" data-id=\"18fca508\" data-element_type=\"widget\" data-widget_type=\"text-editor.default\">\n\t\t\t\t<div class=\"elementor-widget-container\">\n\t\t\t\t\t\t\t<p>Me llamo Francesca Biondi, soy italiana, nacionalizada, canadiense y actualmente vivo en Mali, \u00c1frica Oeste. Quisiera compartir mi experiencia vocacional.<\/p><p>\u00abYav\u00e9 dijo a Abraham\u00bb Gn 12, 1<br \/>Dios llama para ponerse en camino, para un cambio en la vida, para una alianza. As\u00ed, a la edad de 15 a\u00f1os sent\u00ed por primera vez que Dios me llamaba para algo nuevo y ponerme en camino. Entonces dej\u00e9 mi pueblo natal en el sur de Italia para ingresar a una congregaci\u00f3n religiosa en el norte de mi pa\u00eds.<\/p><p>Escuchando siempre el llamado de ponerme en camino y al servicio de los m\u00e1s necesitados, termin\u00f3 el tiempo de formaci\u00f3n y manifest\u00e9 el deseo de partir como misionera.<\/p><p>Entonces fui enviada a Canad\u00e1. All\u00ed estando al contacto con otras religiosas canadienses descubr\u00ed una manera diferente de vivir la vida religiosa que me atrajo mucho. Siendo joven y no encontrando comprensi\u00f3n en mi crisis de querer un cambio de vida que sent\u00eda estancada, decid\ufffd de salir de la congregaci\u00f3n en la que me encontraba. De regreso a Italia estudi\u00e9 y trabaj\u00e9 al mismo tiempo para ser enfermera en la gran ciudad de Tur\u00e1n, de donde mis padres y algunos hermanos hab\u00edan emigrado.<\/p><p>En los hospitales donde trabaj\u00e9, siempre tuve una atenci\u00f3n especial hacia los que m\u00e1s necesitaban. Yo parec\u00eda no pensar a la vida religiosa, pero tampoco me atra\u00eda el matrimonio.<br \/>Una llama secreta qued\u00f3 en m\u00ed de querer regresar a Canad\u00e1 para buscar un trabajo all\u00ed. Para qu\u00e9? si yo ten\u00eda todo lo que una chica de mi tiempo pod\u00eda desear: un trabajo estable en un hospital, un departamento, un auto, mi libertad. Pero algo me faltaba.<\/p><p>Cuando tuve la posibilidad econ\u00f3mica de viajar a Canad\u00e1 lo hice y trat\u00e9 de ponerme en contacto con una persona para que me ayudara a encontrar trabajo. Ella me dijo que de inmediato pod\u00eda obtenerlo con las Hermanas de Santa Cruz, las cuales en el verano siempre necesitaban personal para su enfermer\u00eda. As\u00ed fue como conoc\u00ed a las hermanas. Como la primera vez, como el primer llamado regres\u00e9 a Italia, lo dej\u00e9 todo y me fui a Canad\u00e1 donde sent\u00eda que Dios me llamaba otra vez.<\/p><p>Santa Cruz respondi\u00f3 plenamente a mis inquietudes de no quedarme estancada, pues es una congregaci\u00f3n en camino, siempre a la b\u00fasqueda de la voluntad de Dios. En ella descubr\u00ed al Dios de Abraham, de Isaac, de Jacob, pero sobre todo al Dios de Jesucristo, el Dios que es Padre, Madre y Hermano, el Dios que es don, gratuidad y se queda a la espera que yo tambi\u00e9n me abra a su gracia para que su Esp\u00edritu haga de m\u00ed un don a mis hermanas\/os.<\/p><p>En Santa Cruz descubr\u00ed la Buena Nueva que me invitaba que me invitaba a renacer de nuevo, para poder entrar en el Reino, que es el Reino de los que se hacen como ni\u00f1os, transparentes y disponibles a la acci\u00f3n del Esp\u00edritu Santo. En este sentido tengo mucho camino que hacer, pero estoy en camino, con otros caminantes y me conf\u00edo a la virgen del \u00abS\u00ed\u00bb y de \u00abBuen Camino\u00bb.<\/p><p>Como siempre el deseo de caminar y de ir m\u00e1s all\u00e1 me hizo expresar el deseo de salir como misionera a un pa\u00eds m\u00e1s pobre y as\u00ed fui enviada a Per\u00fa, donde me qued\u00e9 diecis\u00e9is a\u00f1os. Fue un tiempo de gracia donde me enriquece de experiencias estando al lado de un pueblo que lleva una fortaleza interior incre\u00edble y una fe profunda y salida como roca.<br \/>Los diez a\u00f1os de servicio con los presos me evangelizaron y me hicieron descubrir como el Esp\u00edritu Santo sopla donde quiere. Esos hombres que conoc\u00ed en un r\u00e9gimen tan severo me revelaron, me revelaron el Dios que es Presencia en lo imposible.<\/p><p>Despu\u00e9s de diecis\u00e9is sent\u00ed que algo hab\u00eda terminado para m\u00ed en Per\u00fa y tras el discernimiento y conversaciones con las personas responsables de la misi\u00f3n, dej\u00e9 el Per\u00fa para ir a \u00c1frica.<\/p><p>Aqu\u00ed todo es nuevo y me quedo en camino para aprender con el pueblo que es en su mayor\u00eda musulm\u00e1n, pero en la b\u00fasqueda del mismo Dios: Padre, Madre y Hermano de todos los hermanos\/as.<\/p>\t\t\t\t\t\t<\/div>\n\t\t\t\t<\/div>\n\t\t\t\t\t<\/div>\n\t\t<\/div>\n\t\t\t\t<div class=\"elementor-column elementor-col-25 elementor-top-column elementor-element elementor-element-63b6b7a\" data-id=\"63b6b7a\" data-element_type=\"column\">\n\t\t\t<div class=\"elementor-widget-wrap elementor-element-populated\">\n\t\t\t\t\t\t<div class=\"elementor-element elementor-element-adbc71b elementor-widget elementor-widget-nav-menu\" data-id=\"adbc71b\" data-element_type=\"widget\" data-widget_type=\"nav-menu.default\">\n\t\t\t\t<div class=\"elementor-widget-container\">\n\t\t\t \t\t<\/div>\n\t\t\t\t<\/div>\n\t\t\t\t<div class=\"elementor-element elementor-element-571f8cd elementor-widget elementor-widget-image\" data-id=\"571f8cd\" data-element_type=\"widget\" data-widget_type=\"image.default\">\n\t\t\t\t<div class=\"elementor-widget-container\">\n\t\t\t\t\t\t\t\t\t\t\t\t\t<img fetchpriority=\"high\" decoding=\"async\" width=\"716\" height=\"1024\" src=\"https:\/\/hermanasdesantacruz.org\/wp-content\/uploads\/2020\/12\/cruz-CSC-con-fondo-716x1024.png\" class=\"attachment-large size-large wp-image-295\" alt=\"\" srcset=\"https:\/\/hermanasdesantacruz.org\/wp-content\/uploads\/2020\/12\/cruz-CSC-con-fondo-716x1024.png 716w, https:\/\/hermanasdesantacruz.org\/wp-content\/uploads\/2020\/12\/cruz-CSC-con-fondo-210x300.png 210w, https:\/\/hermanasdesantacruz.org\/wp-content\/uploads\/2020\/12\/cruz-CSC-con-fondo-768x1098.png 768w, https:\/\/hermanasdesantacruz.org\/wp-content\/uploads\/2020\/12\/cruz-CSC-con-fondo-1075x1536.png 1075w, https:\/\/hermanasdesantacruz.org\/wp-content\/uploads\/2020\/12\/cruz-CSC-con-fondo-1433x2048.png 1433w, https:\/\/hermanasdesantacruz.org\/wp-content\/uploads\/2020\/12\/cruz-CSC-con-fondo-700x1001.png 700w, https:\/\/hermanasdesantacruz.org\/wp-content\/uploads\/2020\/12\/cruz-CSC-con-fondo.png 1728w\" sizes=\"(max-width: 716px) 100vw, 716px\" \/>\t\t\t\t\t\t\t\t\t\t\t\t\t<\/div>\n\t\t\t\t<\/div>\n\t\t\t\t\t<\/div>\n\t\t<\/div>\n\t\t\t\t\t<\/div>\n\t\t<\/section>\n\t\t\t\t<\/div>\n\t\t","protected":false},"excerpt":{"rendered":"<p>Me llamo Francesca Biondi, soy italiana, nacionalizada, canadiense y actualmente vivo en Mali, \u00c1frica Oeste. Quisiera compartir mi experiencia vocacional. \u00abYav\u00e9 dijo a Abraham\u00bb Gn 12,<span class=\"excerpt-hellip\"> [\u2026]<\/span><\/p>\n","protected":false},"author":1,"featured_media":0,"parent":0,"menu_order":0,"comment_status":"closed","ping_status":"closed","template":"","meta":{"footnotes":""},"class_list":["post-409","page","type-page","status-publish","hentry"],"yoast_head":"<!-- This site is optimized with the Yoast SEO plugin v23.1 - https:\/\/yoast.com\/wordpress\/plugins\/seo\/ -->\n<title>Testimonio Francesca Biondi CSC - Congregaci\u00f3n Hermanas de Santa Cruz<\/title>\n<meta name=\"robots\" content=\"index, follow, max-snippet:-1, max-image-preview:large, max-video-preview:-1\" \/>\n<link rel=\"canonical\" href=\"https:\/\/hermanasdesantacruz.org\/index.php\/testimonio-francesca-biondi-csc\/\" \/>\n<meta property=\"og:locale\" content=\"es_ES\" \/>\n<meta property=\"og:type\" content=\"article\" \/>\n<meta property=\"og:title\" content=\"Testimonio Francesca Biondi CSC - Congregaci\u00f3n Hermanas de Santa Cruz\" \/>\n<meta property=\"og:description\" content=\"Me llamo Francesca Biondi, soy italiana, nacionalizada, canadiense y actualmente vivo en Mali, \u00c1frica Oeste. Quisiera compartir mi experiencia vocacional. \u00abYav\u00e9 dijo a Abraham\u00bb Gn 12, [\u2026]\" \/>\n<meta property=\"og:url\" content=\"https:\/\/hermanasdesantacruz.org\/index.php\/testimonio-francesca-biondi-csc\/\" \/>\n<meta property=\"og:site_name\" content=\"Congregaci\u00f3n Hermanas de Santa Cruz\" \/>\n<meta property=\"article:modified_time\" content=\"2020-12-21T00:31:49+00:00\" \/>\n<meta property=\"og:image\" content=\"https:\/\/hermanasdesantacruz.org\/wp-content\/uploads\/2020\/12\/FrancescaBiondi.jpg\" \/>\n<meta name=\"twitter:card\" content=\"summary_large_image\" \/>\n<meta name=\"twitter:label1\" content=\"Tiempo de lectura\" \/>\n\t<meta name=\"twitter:data1\" content=\"4 minutos\" \/>\n<script type=\"application\/ld+json\" class=\"yoast-schema-graph\">{\"@context\":\"https:\/\/schema.org\",\"@graph\":[{\"@type\":\"WebPage\",\"@id\":\"https:\/\/hermanasdesantacruz.org\/index.php\/testimonio-francesca-biondi-csc\/\",\"url\":\"https:\/\/hermanasdesantacruz.org\/index.php\/testimonio-francesca-biondi-csc\/\",\"name\":\"Testimonio Francesca Biondi CSC - Congregaci\u00f3n Hermanas de Santa Cruz\",\"isPartOf\":{\"@id\":\"https:\/\/hermanasdesantacruz.org\/#website\"},\"primaryImageOfPage\":{\"@id\":\"https:\/\/hermanasdesantacruz.org\/index.php\/testimonio-francesca-biondi-csc\/#primaryimage\"},\"image\":{\"@id\":\"https:\/\/hermanasdesantacruz.org\/index.php\/testimonio-francesca-biondi-csc\/#primaryimage\"},\"thumbnailUrl\":\"https:\/\/hermanasdesantacruz.org\/wp-content\/uploads\/2020\/12\/FrancescaBiondi.jpg\",\"datePublished\":\"2020-12-21T00:24:12+00:00\",\"dateModified\":\"2020-12-21T00:31:49+00:00\",\"breadcrumb\":{\"@id\":\"https:\/\/hermanasdesantacruz.org\/index.php\/testimonio-francesca-biondi-csc\/#breadcrumb\"},\"inLanguage\":\"es\",\"potentialAction\":[{\"@type\":\"ReadAction\",\"target\":[\"https:\/\/hermanasdesantacruz.org\/index.php\/testimonio-francesca-biondi-csc\/\"]}]},{\"@type\":\"ImageObject\",\"inLanguage\":\"es\",\"@id\":\"https:\/\/hermanasdesantacruz.org\/index.php\/testimonio-francesca-biondi-csc\/#primaryimage\",\"url\":\"https:\/\/hermanasdesantacruz.org\/wp-content\/uploads\/2020\/12\/FrancescaBiondi.jpg\",\"contentUrl\":\"https:\/\/hermanasdesantacruz.org\/wp-content\/uploads\/2020\/12\/FrancescaBiondi.jpg\",\"width\":192,\"height\":239},{\"@type\":\"BreadcrumbList\",\"@id\":\"https:\/\/hermanasdesantacruz.org\/index.php\/testimonio-francesca-biondi-csc\/#breadcrumb\",\"itemListElement\":[{\"@type\":\"ListItem\",\"position\":1,\"name\":\"Home\",\"item\":\"https:\/\/hermanasdesantacruz.org\/\"},{\"@type\":\"ListItem\",\"position\":2,\"name\":\"Testimonio Francesca Biondi CSC\"}]},{\"@type\":\"WebSite\",\"@id\":\"https:\/\/hermanasdesantacruz.org\/#website\",\"url\":\"https:\/\/hermanasdesantacruz.org\/\",\"name\":\"Congregaci\u00f3n Hermanas de Santa Cruz\",\"description\":\"Hermanas de Santa Cruz - Tacna\",\"potentialAction\":[{\"@type\":\"SearchAction\",\"target\":{\"@type\":\"EntryPoint\",\"urlTemplate\":\"https:\/\/hermanasdesantacruz.org\/?s={search_term_string}\"},\"query-input\":\"required name=search_term_string\"}],\"inLanguage\":\"es\"}]}<\/script>\n<!-- \/ Yoast SEO plugin. -->","yoast_head_json":{"title":"Testimonio Francesca Biondi CSC - Congregaci\u00f3n Hermanas de Santa Cruz","robots":{"index":"index","follow":"follow","max-snippet":"max-snippet:-1","max-image-preview":"max-image-preview:large","max-video-preview":"max-video-preview:-1"},"canonical":"https:\/\/hermanasdesantacruz.org\/index.php\/testimonio-francesca-biondi-csc\/","og_locale":"es_ES","og_type":"article","og_title":"Testimonio Francesca Biondi CSC - Congregaci\u00f3n Hermanas de Santa Cruz","og_description":"Me llamo Francesca Biondi, soy italiana, nacionalizada, canadiense y actualmente vivo en Mali, \u00c1frica Oeste. Quisiera compartir mi experiencia vocacional. \u00abYav\u00e9 dijo a Abraham\u00bb Gn 12, [\u2026]","og_url":"https:\/\/hermanasdesantacruz.org\/index.php\/testimonio-francesca-biondi-csc\/","og_site_name":"Congregaci\u00f3n Hermanas de Santa Cruz","article_modified_time":"2020-12-21T00:31:49+00:00","og_image":[{"url":"https:\/\/hermanasdesantacruz.org\/wp-content\/uploads\/2020\/12\/FrancescaBiondi.jpg"}],"twitter_card":"summary_large_image","twitter_misc":{"Tiempo de lectura":"4 minutos"},"schema":{"@context":"https:\/\/schema.org","@graph":[{"@type":"WebPage","@id":"https:\/\/hermanasdesantacruz.org\/index.php\/testimonio-francesca-biondi-csc\/","url":"https:\/\/hermanasdesantacruz.org\/index.php\/testimonio-francesca-biondi-csc\/","name":"Testimonio Francesca Biondi CSC - Congregaci\u00f3n Hermanas de Santa Cruz","isPartOf":{"@id":"https:\/\/hermanasdesantacruz.org\/#website"},"primaryImageOfPage":{"@id":"https:\/\/hermanasdesantacruz.org\/index.php\/testimonio-francesca-biondi-csc\/#primaryimage"},"image":{"@id":"https:\/\/hermanasdesantacruz.org\/index.php\/testimonio-francesca-biondi-csc\/#primaryimage"},"thumbnailUrl":"https:\/\/hermanasdesantacruz.org\/wp-content\/uploads\/2020\/12\/FrancescaBiondi.jpg","datePublished":"2020-12-21T00:24:12+00:00","dateModified":"2020-12-21T00:31:49+00:00","breadcrumb":{"@id":"https:\/\/hermanasdesantacruz.org\/index.php\/testimonio-francesca-biondi-csc\/#breadcrumb"},"inLanguage":"es","potentialAction":[{"@type":"ReadAction","target":["https:\/\/hermanasdesantacruz.org\/index.php\/testimonio-francesca-biondi-csc\/"]}]},{"@type":"ImageObject","inLanguage":"es","@id":"https:\/\/hermanasdesantacruz.org\/index.php\/testimonio-francesca-biondi-csc\/#primaryimage","url":"https:\/\/hermanasdesantacruz.org\/wp-content\/uploads\/2020\/12\/FrancescaBiondi.jpg","contentUrl":"https:\/\/hermanasdesantacruz.org\/wp-content\/uploads\/2020\/12\/FrancescaBiondi.jpg","width":192,"height":239},{"@type":"BreadcrumbList","@id":"https:\/\/hermanasdesantacruz.org\/index.php\/testimonio-francesca-biondi-csc\/#breadcrumb","itemListElement":[{"@type":"ListItem","position":1,"name":"Home","item":"https:\/\/hermanasdesantacruz.org\/"},{"@type":"ListItem","position":2,"name":"Testimonio Francesca Biondi CSC"}]},{"@type":"WebSite","@id":"https:\/\/hermanasdesantacruz.org\/#website","url":"https:\/\/hermanasdesantacruz.org\/","name":"Congregaci\u00f3n Hermanas de Santa Cruz","description":"Hermanas de Santa Cruz - Tacna","potentialAction":[{"@type":"SearchAction","target":{"@type":"EntryPoint","urlTemplate":"https:\/\/hermanasdesantacruz.org\/?s={search_term_string}"},"query-input":"required name=search_term_string"}],"inLanguage":"es"}]}},"_links":{"self":[{"href":"https:\/\/hermanasdesantacruz.org\/index.php\/wp-json\/wp\/v2\/pages\/409","targetHints":{"allow":["GET"]}}],"collection":[{"href":"https:\/\/hermanasdesantacruz.org\/index.php\/wp-json\/wp\/v2\/pages"}],"about":[{"href":"https:\/\/hermanasdesantacruz.org\/index.php\/wp-json\/wp\/v2\/types\/page"}],"author":[{"embeddable":true,"href":"https:\/\/hermanasdesantacruz.org\/index.php\/wp-json\/wp\/v2\/users\/1"}],"replies":[{"embeddable":true,"href":"https:\/\/hermanasdesantacruz.org\/index.php\/wp-json\/wp\/v2\/comments?post=409"}],"version-history":[{"count":4,"href":"https:\/\/hermanasdesantacruz.org\/index.php\/wp-json\/wp\/v2\/pages\/409\/revisions"}],"predecessor-version":[{"id":419,"href":"https:\/\/hermanasdesantacruz.org\/index.php\/wp-json\/wp\/v2\/pages\/409\/revisions\/419"}],"wp:attachment":[{"href":"https:\/\/hermanasdesantacruz.org\/index.php\/wp-json\/wp\/v2\/media?parent=409"}],"curies":[{"name":"wp","href":"https:\/\/api.w.org\/{rel}","templated":true}]}}